{"version":"1.0","provider_name":"Registre Central d'Espanya","provider_url":"https:\/\/www.registrocentral.es\/ca","author_name":"Osorio","author_url":"https:\/\/www.registrocentral.es\/ca\/author\/osorio\/","title":"Registro de la Propiedad de Sant Vicen\u00e7 dels Horts N\u00ba 02, Espa\u00f1a - Registro Central de Espa\u00f1a","type":"rich","width":600,"height":338,"html":"<blockquote class=\"wp-embedded-content\" data-secret=\"cApYmr8Hhh\"><a href=\"https:\/\/www.registrocentral.es\/ca\/propiedad\/sant-vicenc-dels-horts-02\/\">Sant Vicen\u00e7 dels Horts N\u00ba 02<\/a><\/blockquote><iframe sandbox=\"allow-scripts\" security=\"restricted\" src=\"https:\/\/www.registrocentral.es\/ca\/propiedad\/sant-vicenc-dels-horts-02\/embed\/#?secret=cApYmr8Hhh\" width=\"600\" height=\"338\" title=\"&#8220;Sant Vicen\u00e7 dels Horts N\u00ba 02&#8221; &#8212; Registro Central de Espa\u00f1a\" data-secret=\"cApYmr8Hhh\" frameborder=\"0\" marginwidth=\"0\" marginheight=\"0\" scrolling=\"no\" class=\"wp-embedded-content\"><\/iframe><script>\n\/*! This file is auto-generated *\/\n!function(d,l){\"use strict\";l.querySelector&&d.addEventListener&&\"undefined\"!=typeof URL&&(d.wp=d.wp||{},d.wp.receiveEmbedMessage||(d.wp.receiveEmbedMessage=function(e){var t=e.data;if((t||t.secret||t.message||t.value)&&!\/[^a-zA-Z0-9]\/.test(t.secret)){for(var s,r,n,a=l.querySelectorAll('iframe[data-secret=\"'+t.secret+'\"]'),o=l.querySelectorAll('blockquote[data-secret=\"'+t.secret+'\"]'),c=new RegExp(\"^https?:$\",\"i\"),i=0;i<o.length;i++)o[i].style.display=\"none\";for(i=0;i<a.length;i++)s=a[i],e.source===s.contentWindow&&(s.removeAttribute(\"style\"),\"height\"===t.message?(1e3<(r=parseInt(t.value,10))?r=1e3:~~r<200&&(r=200),s.height=r):\"link\"===t.message&&(r=new URL(s.getAttribute(\"src\")),n=new URL(t.value),c.test(n.protocol))&&n.host===r.host&&l.activeElement===s&&(d.top.location.href=t.value))}},d.addEventListener(\"message\",d.wp.receiveEmbedMessage,!1),l.addEventListener(\"DOMContentLoaded\",function(){for(var e,t,s=l.querySelectorAll(\"iframe.wp-embedded-content\"),r=0;r<s.length;r++)(t=(e=s[r]).getAttribute(\"data-secret\"))||(t=Math.random().toString(36).substring(2,12),e.src+=\"#?secret=\"+t,e.setAttribute(\"data-secret\",t)),e.contentWindow.postMessage({message:\"ready\",secret:t},\"*\")},!1)))}(window,document);\n\/\/# sourceURL=https:\/\/www.registrocentral.es\/wp-includes\/js\/wp-embed.min.js\n<\/script>","description":"El Registro de la Propiedad de Sant Vicen\u00e7 dels Horts N\u00ba 02 es una instituci\u00f3n clave en el marco jur\u00eddico espa\u00f1ol, cuyo prop\u00f3sito es ofrecer seguridad jur\u00eddica en las transacciones de bienes inmuebles."}