{"id":29225,"date":"2024-09-20T00:12:18","date_gmt":"2024-09-19T22:12:18","guid":{"rendered":"https:\/\/www.registrocentral.es\/bienes\/?post_type=bienes&#038;p=29225"},"modified":"2024-09-20T00:12:18","modified_gmt":"2024-09-19T22:12:18","slug":"avila-01-avila","status":"publish","type":"bienes","link":"https:\/\/www.registrocentral.es\/en\/bienes\/avila-01-avila\/","title":{"rendered":"\u00c1vila N\u00ba 01 &#8211; \u00c1vila"},"content":{"rendered":"<p>En \u00c1vila N\u00ba 01 &#8211; \u00c1vila, como en el resto de Espa\u00f1a, el catastro es fundamental para la correcta identificaci\u00f3n de las bieneses y para garantizar la transparencia en temas relacionados con la bienes inmobiliaria.<\/p>","protected":false},"template":"","meta":{"_uag_custom_page_level_css":"","site-sidebar-layout":"default","site-content-layout":"","ast-site-content-layout":"full-width-container","site-content-style":"default","site-sidebar-style":"default","ast-global-header-display":"","ast-banner-title-visibility":"","ast-main-header-display":"","ast-hfb-above-header-display":"","ast-hfb-below-header-display":"","ast-hfb-mobile-header-display":"","site-post-title":"","ast-breadcrumbs-content":"","ast-featured-img":"","footer-sml-layout":"","ast-disable-related-posts":"","theme-transparent-header-meta":"","adv-header-id-meta":"","stick-header-meta":"","header-above-stick-meta":"","header-main-stick-meta":"","header-below-stick-meta":"","astra-migrate-meta-layouts":"default","ast-page-background-enabled":"default","ast-page-background-meta":{"desktop":{"background-color":"var(--ast-global-color-4)","background-image":"","background-repeat":"repeat","background-position":"center center","background-size":"auto","background-attachment":"scroll","background-type":"","background-media":"","overlay-type":"","overlay-color":"","overlay-opacity":"","overlay-gradient":""},"tablet":{"background-color":"","background-image":"","background-repeat":"repeat","background-position":"center center","background-size":"auto","background-attachment":"scroll","background-type":"","background-media":"","overlay-type":"","overlay-color":"","overlay-opacity":"","overlay-gradient":""},"mobile":{"background-color":"","background-image":"","background-repeat":"repeat","background-position":"center center","background-size":"auto","background-attachment":"scroll","background-type":"","background-media":"","overlay-type":"","overlay-color":"","overlay-opacity":"","overlay-gradient":""}},"ast-content-background-meta":{"desktop":{"background-color":"var(--ast-global-color-5)","background-image":"","background-repeat":"repeat","background-position":"center center","background-size":"auto","background-attachment":"scroll","background-type":"","background-media":"","overlay-type":"","overlay-color":"","overlay-opacity":"","overlay-gradient":""},"tablet":{"background-color":"var(--ast-global-color-5)","background-image":"","background-repeat":"repeat","background-position":"center center","background-size":"auto","background-attachment":"scroll","background-type":"","background-media":"","overlay-type":"","overlay-color":"","overlay-opacity":"","overlay-gradient":""},"mobile":{"background-color":"var(--ast-global-color-5)","background-image":"","background-repeat":"repeat","background-position":"center center","background-size":"auto","background-attachment":"scroll","background-type":"","background-media":"","overlay-type":"","overlay-color":"","overlay-opacity":"","overlay-gradient":""}}},"class_list":["post-29225","bienes","type-bienes","status-publish","hentry"],"yoast_head":"<!-- This site is optimized with the Yoast SEO plugin v26.7 - https:\/\/yoast.com\/wordpress\/plugins\/seo\/ -->\n<title>Registro de Bienes Muebles en \u00c1vila N\u00ba 01 - \u00c1vila, Espa\u00f1a - Registro Central de Espa\u00f1a<\/title>\n<meta name=\"description\" content=\"El Registro de Bienes Muebles en \u00c1vila N\u00ba 01 - \u00c1vila es el \u00f3rgano encargado de la inscripci\u00f3n y publicidad de actos jur\u00eddicos relacionados con bienes muebles, tales como veh\u00edculos, embarcaciones, aeronaves, maquinaria industrial, y otros activos m\u00f3viles.\" \/>\n<meta name=\"robots\" content=\"index, follow, max-snippet:-1, max-image-preview:large, max-video-preview:-1\" \/>\n<link rel=\"canonical\" href=\"https:\/\/www.registrocentral.es\/en\/bienes\/avila-01-avila\/\" \/>\n<meta property=\"og:locale\" content=\"en_GB\" \/>\n<meta property=\"og:type\" content=\"article\" \/>\n<meta property=\"og:title\" content=\"Registro de Bienes Muebles en \u00c1vila N\u00ba 01 - \u00c1vila, Espa\u00f1a - Registro Central de Espa\u00f1a\" \/>\n<meta property=\"og:description\" content=\"El Registro de Bienes Muebles en \u00c1vila N\u00ba 01 - \u00c1vila es el \u00f3rgano encargado de la inscripci\u00f3n y publicidad de actos jur\u00eddicos relacionados con bienes muebles, tales como veh\u00edculos, embarcaciones, aeronaves, maquinaria industrial, y otros activos m\u00f3viles.\" \/>\n<meta property=\"og:url\" content=\"https:\/\/www.registrocentral.es\/en\/bienes\/avila-01-avila\/\" \/>\n<meta property=\"og:site_name\" content=\"Registro Central de Espa\u00f1a\" \/>\n<meta name=\"twitter:card\" content=\"summary_large_image\" \/>\n<script type=\"application\/ld+json\" class=\"yoast-schema-graph\">{\"@context\":\"https:\/\/schema.org\",\"@graph\":[{\"@type\":\"WebPage\",\"@id\":\"https:\/\/www.registrocentral.es\/bienes\/avila-01-avila\/\",\"url\":\"https:\/\/www.registrocentral.es\/bienes\/avila-01-avila\/\",\"name\":\"Registro de Bienes Muebles en \u00c1vila N\u00ba 01 - \u00c1vila, Espa\u00f1a - Registro Central de Espa\u00f1a\",\"isPartOf\":{\"@id\":\"https:\/\/registrocentral.es\/#website\"},\"datePublished\":\"2024-09-19T22:12:18+00:00\",\"description\":\"El Registro de Bienes Muebles en \u00c1vila N\u00ba 01 - \u00c1vila es el \u00f3rgano encargado de la inscripci\u00f3n y publicidad de actos jur\u00eddicos relacionados con bienes muebles, tales como veh\u00edculos, embarcaciones, aeronaves, maquinaria industrial, y otros activos m\u00f3viles.\",\"breadcrumb\":{\"@id\":\"https:\/\/www.registrocentral.es\/bienes\/avila-01-avila\/#breadcrumb\"},\"inLanguage\":\"en-GB\",\"potentialAction\":[{\"@type\":\"ReadAction\",\"target\":[\"https:\/\/www.registrocentral.es\/bienes\/avila-01-avila\/\"]}]},{\"@type\":\"BreadcrumbList\",\"@id\":\"https:\/\/www.registrocentral.es\/bienes\/avila-01-avila\/#breadcrumb\",\"itemListElement\":[{\"@type\":\"ListItem\",\"position\":1,\"name\":\"Portada\",\"item\":\"https:\/\/www.registrocentral.es\/\"},{\"@type\":\"ListItem\",\"position\":2,\"name\":\"bienes\",\"item\":\"https:\/\/www.registrocentral.es\/bienes\/\"},{\"@type\":\"ListItem\",\"position\":3,\"name\":\"\u00c1vila N\u00ba 01 &#8211; \u00c1vila\"}]},{\"@type\":\"WebSite\",\"@id\":\"https:\/\/registrocentral.es\/#website\",\"url\":\"https:\/\/registrocentral.es\/\",\"name\":\"Registro Central de Espa\u00f1a\",\"description\":\"\",\"publisher\":{\"@id\":\"https:\/\/registrocentral.es\/#organization\"},\"alternateName\":\"Registro Central de Espa\u00f1a\",\"potentialAction\":[{\"@type\":\"SearchAction\",\"target\":{\"@type\":\"EntryPoint\",\"urlTemplate\":\"https:\/\/registrocentral.es\/?s={search_term_string}\"},\"query-input\":{\"@type\":\"PropertyValueSpecification\",\"valueRequired\":true,\"valueName\":\"search_term_string\"}}],\"inLanguage\":\"en-GB\"},{\"@type\":\"Organization\",\"@id\":\"https:\/\/registrocentral.es\/#organization\",\"name\":\"Registro Central de Espa\u00f1a\",\"alternateName\":\"Registro Central\",\"url\":\"https:\/\/registrocentral.es\/\",\"logo\":{\"@type\":\"ImageObject\",\"inLanguage\":\"en-GB\",\"@id\":\"https:\/\/registrocentral.es\/#\/schema\/logo\/image\/\",\"url\":\"https:\/\/www.registrocentral.es\/wp-content\/uploads\/2026\/03\/registrocentral.webp\",\"contentUrl\":\"https:\/\/www.registrocentral.es\/wp-content\/uploads\/2026\/03\/registrocentral.webp\",\"width\":320,\"height\":431,\"caption\":\"Registro Central de Espa\u00f1a\"},\"image\":{\"@id\":\"https:\/\/registrocentral.es\/#\/schema\/logo\/image\/\"}}]}<\/script>\n<!-- \/ Yoast SEO plugin. -->","yoast_head_json":{"title":"Registro de Bienes Muebles en \u00c1vila N\u00ba 01 - \u00c1vila, Espa\u00f1a - Registro Central de Espa\u00f1a","description":"The Registry of Movable Property in \u00c1vila N\u00ba 01 - \u00c1vila is the body responsible for the registration and publicity of legal acts related to movable property, such as vehicles, vessels, aircraft, industrial machinery, and other mobile assets.","robots":{"index":"index","follow":"follow","max-snippet":"max-snippet:-1","max-image-preview":"max-image-preview:large","max-video-preview":"max-video-preview:-1"},"canonical":"https:\/\/www.registrocentral.es\/en\/bienes\/avila-01-avila\/","og_locale":"en_GB","og_type":"article","og_title":"Registro de Bienes Muebles en \u00c1vila N\u00ba 01 - \u00c1vila, Espa\u00f1a - Registro Central de Espa\u00f1a","og_description":"El Registro de Bienes Muebles en \u00c1vila N\u00ba 01 - \u00c1vila es el \u00f3rgano encargado de la inscripci\u00f3n y publicidad de actos jur\u00eddicos relacionados con bienes muebles, tales como veh\u00edculos, embarcaciones, aeronaves, maquinaria industrial, y otros activos m\u00f3viles.","og_url":"https:\/\/www.registrocentral.es\/en\/bienes\/avila-01-avila\/","og_site_name":"Registro Central de Espa\u00f1a","twitter_card":"summary_large_image","schema":{"@context":"https:\/\/schema.org","@graph":[{"@type":"WebPage","@id":"https:\/\/www.registrocentral.es\/bienes\/avila-01-avila\/","url":"https:\/\/www.registrocentral.es\/bienes\/avila-01-avila\/","name":"Registro de Bienes Muebles en \u00c1vila N\u00ba 01 - \u00c1vila, Espa\u00f1a - Registro Central de Espa\u00f1a","isPartOf":{"@id":"https:\/\/registrocentral.es\/#website"},"datePublished":"2024-09-19T22:12:18+00:00","description":"The Registry of Movable Property in \u00c1vila N\u00ba 01 - \u00c1vila is the body responsible for the registration and publicity of legal acts related to movable property, such as vehicles, vessels, aircraft, industrial machinery, and other mobile assets.","breadcrumb":{"@id":"https:\/\/www.registrocentral.es\/bienes\/avila-01-avila\/#breadcrumb"},"inLanguage":"en-GB","potentialAction":[{"@type":"ReadAction","target":["https:\/\/www.registrocentral.es\/bienes\/avila-01-avila\/"]}]},{"@type":"BreadcrumbList","@id":"https:\/\/www.registrocentral.es\/bienes\/avila-01-avila\/#breadcrumb","itemListElement":[{"@type":"ListItem","position":1,"name":"Portada","item":"https:\/\/www.registrocentral.es\/"},{"@type":"ListItem","position":2,"name":"bienes","item":"https:\/\/www.registrocentral.es\/bienes\/"},{"@type":"ListItem","position":3,"name":"\u00c1vila N\u00ba 01 &#8211; \u00c1vila"}]},{"@type":"WebSite","@id":"https:\/\/registrocentral.es\/#website","url":"https:\/\/registrocentral.es\/","name":"Central Registry of Spain","description":"","publisher":{"@id":"https:\/\/registrocentral.es\/#organization"},"alternateName":"Registro Central de Espa\u00f1a","potentialAction":[{"@type":"SearchAction","target":{"@type":"EntryPoint","urlTemplate":"https:\/\/registrocentral.es\/?s={search_term_string}"},"query-input":{"@type":"PropertyValueSpecification","valueRequired":true,"valueName":"search_term_string"}}],"inLanguage":"en-GB"},{"@type":"Organization","@id":"https:\/\/registrocentral.es\/#organization","name":"Central Registry of Spain","alternateName":"Registro Central","url":"https:\/\/registrocentral.es\/","logo":{"@type":"ImageObject","inLanguage":"en-GB","@id":"https:\/\/registrocentral.es\/#\/schema\/logo\/image\/","url":"https:\/\/www.registrocentral.es\/wp-content\/uploads\/2026\/03\/registrocentral.webp","contentUrl":"https:\/\/www.registrocentral.es\/wp-content\/uploads\/2026\/03\/registrocentral.webp","width":320,"height":431,"caption":"Registro Central de Espa\u00f1a"},"image":{"@id":"https:\/\/registrocentral.es\/#\/schema\/logo\/image\/"}}]}},"spectra_custom_meta":{"stick-header-meta":[""],"adv-header-id-meta":[""],"theme-transparent-header-meta":[""],"footer-sml-layout":[""],"ast-site-content-layout":["full-width-container"],"_uag_custom_page_level_css":[""],"_edit_last":["2"],"_edit_lock":["1724711907:2"],"_uag_css_file_name":["uag-css-29225.css"],"_uag_page_assets":["a:9:{s:3:\"css\";s:0:\"\";s:2:\"js\";s:0:\"\";s:18:\"current_block_list\";a:7:{i:0;s:11:\"core\/search\";i:1;s:10:\"core\/group\";i:2;s:12:\"core\/heading\";i:3;s:17:\"core\/latest-posts\";i:4;s:20:\"core\/latest-comments\";i:5;s:13:\"core\/archives\";i:6;s:15:\"core\/categories\";}s:8:\"uag_flag\";b:0;s:11:\"uag_version\";s:10:\"1774993329\";s:6:\"gfonts\";a:0:{}s:10:\"gfonts_url\";s:0:\"\";s:12:\"gfonts_files\";a:0:{}s:14:\"uag_faq_layout\";b:0;}"],"nombre":["Registro \u00c1vila N\u00ba 01 y Mercantil y de Bienes Muebles de \u00c1vila"],"direccion":["Duque de Alba, 6 - portal 1 - 1\u00ba, 5001"],"telefono":["(920) 35 27 10"],"correo":["avila@registrodelapropiedad.org"],"proteccion_datos":["dpo@corpme.es"],"provincia":[""],"registradores":["a:1:{s:6:\"item-0\";a:1:{s:11:\"registrador\";s:28:\"Jes\u00fas M.\u00aa Jim\u00e9nez Jim\u00e9nez\";}}"],"municipios":["a:66:{s:6:\"item-0\";a:1:{s:9:\"municipio\";s:7:\"Aveinte\";}s:6:\"item-1\";a:1:{s:9:\"municipio\";s:14:\"Berlanas (las)\";}s:6:\"item-2\";a:1:{s:9:\"municipio\";s:22:\"Berrocalejo De Aragona\";}s:6:\"item-3\";a:1:{s:9:\"municipio\";s:6:\"Brabos\";}s:6:\"item-4\";a:1:{s:9:\"municipio\";s:8:\"Bularros\";}s:6:\"item-5\";a:1:{s:9:\"municipio\";s:10:\"Burgohondo\";}s:6:\"item-6\";a:1:{s:9:\"municipio\";s:10:\"Carde\u00f1osa\";}s:6:\"item-7\";a:1:{s:9:\"municipio\";s:8:\"Casasola\";}s:6:\"item-8\";a:1:{s:9:\"municipio\";s:9:\"Chamartin\";}s:6:\"item-9\";a:1:{s:9:\"municipio\";s:6:\"Cillan\";}s:6:\"item-10\";a:1:{s:9:\"municipio\";s:12:\"Colilla (la)\";}s:6:\"item-11\";a:1:{s:9:\"municipio\";s:11:\"Fresno (el)\";}s:6:\"item-12\";a:1:{s:9:\"municipio\";s:21:\"Gallegos De Altamiros\";}s:6:\"item-13\";a:1:{s:9:\"municipio\";s:7:\"Gemu\u00f1o\";}s:6:\"item-14\";a:1:{s:9:\"municipio\";s:12:\"Gotarrendura\";}s:6:\"item-15\";a:1:{s:9:\"municipio\";s:17:\"Hija De Dios (la)\";}s:6:\"item-16\";a:1:{s:9:\"municipio\";s:10:\"Hoyocasero\";}s:6:\"item-17\";a:1:{s:9:\"municipio\";s:6:\"Maello\";}s:6:\"item-18\";a:1:{s:9:\"municipio\";s:6:\"Marlin\";}s:6:\"item-19\";a:1:{s:9:\"municipio\";s:12:\"Martiherrero\";}s:6:\"item-20\";a:1:{s:9:\"municipio\";s:18:\"Mediana De Voltoya\";}s:6:\"item-21\";a:1:{s:9:\"municipio\";s:9:\"Mingorria\";}s:6:\"item-22\";a:1:{s:9:\"municipio\";s:10:\"Mironcillo\";}s:6:\"item-23\";a:1:{s:9:\"municipio\";s:9:\"Monsalupe\";}s:6:\"item-24\";a:1:{s:9:\"municipio\";s:7:\"Mu\u00f1ana\";}s:6:\"item-25\";a:1:{s:9:\"municipio\";s:12:\"Mu\u00f1ogalindo\";}s:6:\"item-26\";a:1:{s:9:\"municipio\";s:11:\"Mu\u00f1ogrande\";}s:6:\"item-27\";a:1:{s:9:\"municipio\";s:9:\"Mu\u00f1opepe\";}s:6:\"item-28\";a:1:{s:9:\"municipio\";s:22:\"Narrillos Del Rebollar\";}s:6:\"item-29\";a:1:{s:9:\"municipio\";s:17:\"Narros Del Puerto\";}s:6:\"item-30\";a:1:{s:9:\"municipio\";s:10:\"Navalacruz\";}s:6:\"item-31\";a:1:{s:9:\"municipio\";s:10:\"Navalmoral\";}s:6:\"item-32\";a:1:{s:9:\"municipio\";s:8:\"Navalosa\";}s:6:\"item-33\";a:1:{s:9:\"municipio\";s:11:\"Navaquesera\";}s:6:\"item-34\";a:1:{s:9:\"municipio\";s:15:\"Navarredondilla\";}s:6:\"item-35\";a:1:{s:9:\"municipio\";s:12:\"Navarrevisca\";}s:6:\"item-36\";a:1:{s:9:\"municipio\";s:12:\"Navatalgordo\";}s:6:\"item-37\";a:1:{s:9:\"municipio\";s:7:\"Niharra\";}s:6:\"item-38\";a:1:{s:9:\"municipio\";s:10:\"Ojos-Albos\";}s:6:\"item-39\";a:1:{s:9:\"municipio\";s:8:\"Oso (el)\";}s:6:\"item-40\";a:1:{s:9:\"municipio\";s:9:\"Padiernos\";}s:6:\"item-41\";a:1:{s:9:\"municipio\";s:17:\"Pe\u00f1alba De Avila\";}s:6:\"item-42\";a:1:{s:9:\"municipio\";s:7:\"Pozanco\";}s:6:\"item-43\";a:1:{s:9:\"municipio\";s:9:\"Riocabado\";}s:6:\"item-44\";a:1:{s:9:\"municipio\";s:7:\"Riofrio\";}s:6:\"item-45\";a:1:{s:9:\"municipio\";s:8:\"Salobral\";}s:6:\"item-46\";a:1:{s:9:\"municipio\";s:24:\"San Esteban De Los Patos\";}s:6:\"item-47\";a:1:{s:9:\"municipio\";s:24:\"San Juan De La Encinilla\";}s:6:\"item-48\";a:1:{s:9:\"municipio\";s:17:\"San Juan Del Olmo\";}s:6:\"item-49\";a:1:{s:9:\"municipio\";s:20:\"San Pedro Del Arroyo\";}s:6:\"item-50\";a:1:{s:9:\"municipio\";s:11:\"Sanchorreja\";}s:6:\"item-51\";a:1:{s:9:\"municipio\";s:22:\"Santa Maria Del Arroyo\";}s:6:\"item-52\";a:1:{s:9:\"municipio\";s:28:\"Santo Domingo De Las Posadas\";}s:6:\"item-53\";a:1:{s:9:\"municipio\";s:22:\"Santo Tome De Zabarcos\";}s:6:\"item-54\";a:1:{s:9:\"municipio\";s:12:\"Serrada (la)\";}s:6:\"item-55\";a:1:{s:9:\"municipio\";s:7:\"Sigeres\";}s:6:\"item-56\";a:1:{s:9:\"municipio\";s:10:\"Solosancho\";}s:6:\"item-57\";a:1:{s:9:\"municipio\";s:7:\"Sotalbo\";}s:6:\"item-58\";a:1:{s:9:\"municipio\";s:9:\"Tolba\u00f1os\";}s:6:\"item-59\";a:1:{s:9:\"municipio\";s:19:\"Tornadizos De Avila\";}s:6:\"item-60\";a:1:{s:9:\"municipio\";s:10:\"Torre (la)\";}s:6:\"item-61\";a:1:{s:9:\"municipio\";s:9:\"Valdecasa\";}s:6:\"item-62\";a:1:{s:9:\"municipio\";s:19:\"Vega De Santa Maria\";}s:6:\"item-63\";a:1:{s:9:\"municipio\";s:7:\"Velayos\";}s:6:\"item-64\";a:1:{s:9:\"municipio\";s:9:\"Villaflor\";}s:6:\"item-65\";a:1:{s:9:\"municipio\";s:19:\"Villanueva De Avila\";}}"]},"uagb_featured_image_src":[],"uagb_author_info":{"display_name":"Osorio","author_link":"https:\/\/www.registrocentral.es\/en\/author\/"},"uagb_comment_info":0,"uagb_excerpt":"En \u00c1vila N\u00ba 01 - \u00c1vila, como en el resto de Espa\u00f1a, el catastro es fundamental para la correcta identificaci\u00f3n de las bieneses y para garantizar la transparencia en temas relacionados con la bienes inmobiliaria.","_links":{"self":[{"href":"https:\/\/www.registrocentral.es\/en\/wp-json\/wp\/v2\/bienes\/29225","targetHints":{"allow":["GET"]}}],"collection":[{"href":"https:\/\/www.registrocentral.es\/en\/wp-json\/wp\/v2\/bienes"}],"about":[{"href":"https:\/\/www.registrocentral.es\/en\/wp-json\/wp\/v2\/types\/bienes"}],"wp:attachment":[{"href":"https:\/\/www.registrocentral.es\/en\/wp-json\/wp\/v2\/media?parent=29225"}],"curies":[{"name":"wp","href":"https:\/\/api.w.org\/{rel}","templated":true}]}}