{"id":29139,"date":"2024-09-19T23:30:52","date_gmt":"2024-09-19T21:30:52","guid":{"rendered":"https:\/\/www.registrocentral.es\/mercantil\/?post_type=mercantil&#038;p=29139"},"modified":"2024-09-19T23:30:52","modified_gmt":"2024-09-19T21:30:52","slug":"albacete-02-albacete","status":"publish","type":"mercantil","link":"https:\/\/www.registrocentral.es\/fr\/mercantil\/albacete-02-albacete\/","title":{"rendered":"Albacete N\u00ba 02 &#8211; Albacete"},"content":{"rendered":"<p>En Albacete N\u00ba 02 &#8211; Albacete, como en el resto de Espa\u00f1a, el catastro es fundamental para la correcta identificaci\u00f3n de las mercantiles y para garantizar la transparencia en temas relacionados con la mercantil inmobiliaria.<\/p>","protected":false},"template":"","meta":{"_uag_custom_page_level_css":"","site-sidebar-layout":"default","site-content-layout":"","ast-site-content-layout":"full-width-container","site-content-style":"default","site-sidebar-style":"default","ast-global-header-display":"","ast-banner-title-visibility":"","ast-main-header-display":"","ast-hfb-above-header-display":"","ast-hfb-below-header-display":"","ast-hfb-mobile-header-display":"","site-post-title":"","ast-breadcrumbs-content":"","ast-featured-img":"","footer-sml-layout":"","ast-disable-related-posts":"","theme-transparent-header-meta":"","adv-header-id-meta":"","stick-header-meta":"","header-above-stick-meta":"","header-main-stick-meta":"","header-below-stick-meta":"","astra-migrate-meta-layouts":"default","ast-page-background-enabled":"default","ast-page-background-meta":{"desktop":{"background-color":"var(--ast-global-color-4)","background-image":"","background-repeat":"repeat","background-position":"center center","background-size":"auto","background-attachment":"scroll","background-type":"","background-media":"","overlay-type":"","overlay-color":"","overlay-opacity":"","overlay-gradient":""},"tablet":{"background-color":"","background-image":"","background-repeat":"repeat","background-position":"center center","background-size":"auto","background-attachment":"scroll","background-type":"","background-media":"","overlay-type":"","overlay-color":"","overlay-opacity":"","overlay-gradient":""},"mobile":{"background-color":"","background-image":"","background-repeat":"repeat","background-position":"center center","background-size":"auto","background-attachment":"scroll","background-type":"","background-media":"","overlay-type":"","overlay-color":"","overlay-opacity":"","overlay-gradient":""}},"ast-content-background-meta":{"desktop":{"background-color":"var(--ast-global-color-5)","background-image":"","background-repeat":"repeat","background-position":"center center","background-size":"auto","background-attachment":"scroll","background-type":"","background-media":"","overlay-type":"","overlay-color":"","overlay-opacity":"","overlay-gradient":""},"tablet":{"background-color":"var(--ast-global-color-5)","background-image":"","background-repeat":"repeat","background-position":"center center","background-size":"auto","background-attachment":"scroll","background-type":"","background-media":"","overlay-type":"","overlay-color":"","overlay-opacity":"","overlay-gradient":""},"mobile":{"background-color":"var(--ast-global-color-5)","background-image":"","background-repeat":"repeat","background-position":"center center","background-size":"auto","background-attachment":"scroll","background-type":"","background-media":"","overlay-type":"","overlay-color":"","overlay-opacity":"","overlay-gradient":""}}},"class_list":["post-29139","mercantil","type-mercantil","status-publish","hentry"],"yoast_head":"<!-- This site is optimized with the Yoast SEO plugin v26.7 - https:\/\/yoast.com\/wordpress\/plugins\/seo\/ -->\n<title>Registro Mercantil en Albacete N\u00ba 02 - Albacete, Espa\u00f1a - Registro Central de Espa\u00f1a<\/title>\n<meta name=\"description\" content=\"El Registro Mercantil en Albacete N\u00ba 02 - Albacete es el \u00f3rgano encargado de la inscripci\u00f3n y publicaci\u00f3n de todos los actos relativos a las empresas y sociedades mercantiles, proporcionando seguridad jur\u00eddica tanto a los empresarios como a los terceros que interact\u00faan con ellos.\" \/>\n<meta name=\"robots\" content=\"index, follow, max-snippet:-1, max-image-preview:large, max-video-preview:-1\" \/>\n<link rel=\"canonical\" href=\"https:\/\/www.registrocentral.es\/fr\/mercantil\/albacete-02-albacete\/\" \/>\n<meta property=\"og:locale\" content=\"fr_FR\" \/>\n<meta property=\"og:type\" content=\"article\" \/>\n<meta property=\"og:title\" content=\"Registro Mercantil en Albacete N\u00ba 02 - Albacete, Espa\u00f1a - Registro Central de Espa\u00f1a\" \/>\n<meta property=\"og:description\" content=\"El Registro Mercantil en Albacete N\u00ba 02 - Albacete es el \u00f3rgano encargado de la inscripci\u00f3n y publicaci\u00f3n de todos los actos relativos a las empresas y sociedades mercantiles, proporcionando seguridad jur\u00eddica tanto a los empresarios como a los terceros que interact\u00faan con ellos.\" \/>\n<meta property=\"og:url\" content=\"https:\/\/www.registrocentral.es\/fr\/mercantil\/albacete-02-albacete\/\" \/>\n<meta property=\"og:site_name\" content=\"Registro Central de Espa\u00f1a\" \/>\n<meta name=\"twitter:card\" content=\"summary_large_image\" \/>\n<script type=\"application\/ld+json\" class=\"yoast-schema-graph\">{\"@context\":\"https:\/\/schema.org\",\"@graph\":[{\"@type\":\"WebPage\",\"@id\":\"https:\/\/www.registrocentral.es\/pt\/mercantil\/albacete-02-albacete\/\",\"url\":\"https:\/\/www.registrocentral.es\/pt\/mercantil\/albacete-02-albacete\/\",\"name\":\"Registro Mercantil en Albacete N\u00ba 02 - Albacete, Espa\u00f1a - Registro Central de Espa\u00f1a\",\"isPartOf\":{\"@id\":\"https:\/\/registrocentral.es\/#website\"},\"datePublished\":\"2024-09-19T21:30:52+00:00\",\"description\":\"El Registro Mercantil en Albacete N\u00ba 02 - Albacete es el \u00f3rgano encargado de la inscripci\u00f3n y publicaci\u00f3n de todos los actos relativos a las empresas y sociedades mercantiles, proporcionando seguridad jur\u00eddica tanto a los empresarios como a los terceros que interact\u00faan con ellos.\",\"breadcrumb\":{\"@id\":\"https:\/\/www.registrocentral.es\/pt\/mercantil\/albacete-02-albacete\/#breadcrumb\"},\"inLanguage\":\"fr-FR\",\"potentialAction\":[{\"@type\":\"ReadAction\",\"target\":[\"https:\/\/www.registrocentral.es\/pt\/mercantil\/albacete-02-albacete\/\"]}]},{\"@type\":\"BreadcrumbList\",\"@id\":\"https:\/\/www.registrocentral.es\/pt\/mercantil\/albacete-02-albacete\/#breadcrumb\",\"itemListElement\":[{\"@type\":\"ListItem\",\"position\":1,\"name\":\"Portada\",\"item\":\"https:\/\/www.registrocentral.es\/\"},{\"@type\":\"ListItem\",\"position\":2,\"name\":\"mercantil\",\"item\":\"https:\/\/www.registrocentral.es\/mercantil\/\"},{\"@type\":\"ListItem\",\"position\":3,\"name\":\"Albacete N\u00ba 02 &#8211; Albacete\"}]},{\"@type\":\"WebSite\",\"@id\":\"https:\/\/registrocentral.es\/#website\",\"url\":\"https:\/\/registrocentral.es\/\",\"name\":\"Registro Central de Espa\u00f1a\",\"description\":\"\",\"publisher\":{\"@id\":\"https:\/\/registrocentral.es\/#organization\"},\"alternateName\":\"Registro Central de Espa\u00f1a\",\"potentialAction\":[{\"@type\":\"SearchAction\",\"target\":{\"@type\":\"EntryPoint\",\"urlTemplate\":\"https:\/\/registrocentral.es\/?s={search_term_string}\"},\"query-input\":{\"@type\":\"PropertyValueSpecification\",\"valueRequired\":true,\"valueName\":\"search_term_string\"}}],\"inLanguage\":\"fr-FR\"},{\"@type\":\"Organization\",\"@id\":\"https:\/\/registrocentral.es\/#organization\",\"name\":\"Registro Central de Espa\u00f1a\",\"alternateName\":\"Registro Central\",\"url\":\"https:\/\/registrocentral.es\/\",\"logo\":{\"@type\":\"ImageObject\",\"inLanguage\":\"fr-FR\",\"@id\":\"https:\/\/registrocentral.es\/#\/schema\/logo\/image\/\",\"url\":\"https:\/\/www.registrocentral.es\/wp-content\/uploads\/2026\/03\/registrocentral.webp\",\"contentUrl\":\"https:\/\/www.registrocentral.es\/wp-content\/uploads\/2026\/03\/registrocentral.webp\",\"width\":320,\"height\":431,\"caption\":\"Registro Central de Espa\u00f1a\"},\"image\":{\"@id\":\"https:\/\/registrocentral.es\/#\/schema\/logo\/image\/\"}}]}<\/script>\n<!-- \/ Yoast SEO plugin. -->","yoast_head_json":{"title":"Registro Mercantil en Albacete N\u00ba 02 - Albacete, Espa\u00f1a - Registro Central de Espa\u00f1a","description":"Le Registre du Commerce \u00e0 Albacete N\u00ba 02 - Albacete est l\u2019organe charg\u00e9 de l\u2019immatriculation et de la publication de tous les actes relatifs aux entreprises et aux soci\u00e9t\u00e9s commerciales, offrant une s\u00e9curit\u00e9 juridique tant aux entrepreneurs qu\u2019aux tiers qui interagissent avec eux.","robots":{"index":"index","follow":"follow","max-snippet":"max-snippet:-1","max-image-preview":"max-image-preview:large","max-video-preview":"max-video-preview:-1"},"canonical":"https:\/\/www.registrocentral.es\/fr\/mercantil\/albacete-02-albacete\/","og_locale":"fr_FR","og_type":"article","og_title":"Registro Mercantil en Albacete N\u00ba 02 - Albacete, Espa\u00f1a - Registro Central de Espa\u00f1a","og_description":"El Registro Mercantil en Albacete N\u00ba 02 - Albacete es el \u00f3rgano encargado de la inscripci\u00f3n y publicaci\u00f3n de todos los actos relativos a las empresas y sociedades mercantiles, proporcionando seguridad jur\u00eddica tanto a los empresarios como a los terceros que interact\u00faan con ellos.","og_url":"https:\/\/www.registrocentral.es\/fr\/mercantil\/albacete-02-albacete\/","og_site_name":"Registro Central de Espa\u00f1a","twitter_card":"summary_large_image","schema":{"@context":"https:\/\/schema.org","@graph":[{"@type":"WebPage","@id":"https:\/\/www.registrocentral.es\/pt\/mercantil\/albacete-02-albacete\/","url":"https:\/\/www.registrocentral.es\/pt\/mercantil\/albacete-02-albacete\/","name":"Registro Mercantil en Albacete N\u00ba 02 - Albacete, Espa\u00f1a - Registro Central de Espa\u00f1a","isPartOf":{"@id":"https:\/\/registrocentral.es\/#website"},"datePublished":"2024-09-19T21:30:52+00:00","description":"Le Registre du Commerce \u00e0 Albacete N\u00ba 02 - Albacete est l\u2019organe charg\u00e9 de l\u2019immatriculation et de la publication de tous les actes relatifs aux entreprises et aux soci\u00e9t\u00e9s commerciales, offrant une s\u00e9curit\u00e9 juridique tant aux entrepreneurs qu\u2019aux tiers qui interagissent avec eux.","breadcrumb":{"@id":"https:\/\/www.registrocentral.es\/pt\/mercantil\/albacete-02-albacete\/#breadcrumb"},"inLanguage":"fr-FR","potentialAction":[{"@type":"ReadAction","target":["https:\/\/www.registrocentral.es\/pt\/mercantil\/albacete-02-albacete\/"]}]},{"@type":"BreadcrumbList","@id":"https:\/\/www.registrocentral.es\/pt\/mercantil\/albacete-02-albacete\/#breadcrumb","itemListElement":[{"@type":"ListItem","position":1,"name":"Portada","item":"https:\/\/www.registrocentral.es\/"},{"@type":"ListItem","position":2,"name":"mercantil","item":"https:\/\/www.registrocentral.es\/mercantil\/"},{"@type":"ListItem","position":3,"name":"Albacete N\u00ba 02 &#8211; Albacete"}]},{"@type":"WebSite","@id":"https:\/\/registrocentral.es\/#website","url":"https:\/\/registrocentral.es\/","name":"Registre Central d'Espagne","description":"","publisher":{"@id":"https:\/\/registrocentral.es\/#organization"},"alternateName":"Registro Central de Espa\u00f1a","potentialAction":[{"@type":"SearchAction","target":{"@type":"EntryPoint","urlTemplate":"https:\/\/registrocentral.es\/?s={search_term_string}"},"query-input":{"@type":"PropertyValueSpecification","valueRequired":true,"valueName":"search_term_string"}}],"inLanguage":"fr-FR"},{"@type":"Organization","@id":"https:\/\/registrocentral.es\/#organization","name":"Registre Central d'Espagne","alternateName":"Registro Central","url":"https:\/\/registrocentral.es\/","logo":{"@type":"ImageObject","inLanguage":"fr-FR","@id":"https:\/\/registrocentral.es\/#\/schema\/logo\/image\/","url":"https:\/\/www.registrocentral.es\/wp-content\/uploads\/2026\/03\/registrocentral.webp","contentUrl":"https:\/\/www.registrocentral.es\/wp-content\/uploads\/2026\/03\/registrocentral.webp","width":320,"height":431,"caption":"Registro Central de Espa\u00f1a"},"image":{"@id":"https:\/\/registrocentral.es\/#\/schema\/logo\/image\/"}}]}},"spectra_custom_meta":{"stick-header-meta":[""],"adv-header-id-meta":[""],"theme-transparent-header-meta":[""],"footer-sml-layout":[""],"ast-site-content-layout":["full-width-container"],"_uag_custom_page_level_css":[""],"_edit_last":["2"],"_edit_lock":["1724711907:2"],"_uag_css_file_name":["uag-css-29139.css"],"_uag_page_assets":["a:9:{s:3:\"css\";s:0:\"\";s:2:\"js\";s:0:\"\";s:18:\"current_block_list\";a:7:{i:0;s:11:\"core\/search\";i:1;s:10:\"core\/group\";i:2;s:12:\"core\/heading\";i:3;s:17:\"core\/latest-posts\";i:4;s:20:\"core\/latest-comments\";i:5;s:13:\"core\/archives\";i:6;s:15:\"core\/categories\";}s:8:\"uag_flag\";b:0;s:11:\"uag_version\";s:10:\"1774993329\";s:6:\"gfonts\";a:0:{}s:10:\"gfonts_url\";s:0:\"\";s:12:\"gfonts_files\";a:0:{}s:14:\"uag_faq_layout\";b:0;}"],"nombre":["Registro Albacete N\u00ba 02 y Mercantil y de Bienes Muebles de Albacete"],"direccion":["Padre Romano, 12 - 1\u00aa, 2005"],"telefono":["(967) 21 78 13"],"correo":["albacete2@registrodelapropiedad.org"],"proteccion_datos":["dpo@corpme.es"],"provincia":[""],"registradores":["a:1:{s:6:\"item-0\";a:1:{s:11:\"registrador\";s:21:\"Flavio Mu\u00f1oz Garc\u00eda\";}}"],"municipios":["a:0:{}"]},"uagb_featured_image_src":[],"uagb_author_info":{"display_name":"Osorio","author_link":"https:\/\/www.registrocentral.es\/fr\/author\/"},"uagb_comment_info":0,"uagb_excerpt":"En Albacete N\u00ba 02 - Albacete, como en el resto de Espa\u00f1a, el catastro es fundamental para la correcta identificaci\u00f3n de las mercantiles y para garantizar la transparencia en temas relacionados con la mercantil inmobiliaria.","_links":{"self":[{"href":"https:\/\/www.registrocentral.es\/fr\/wp-json\/wp\/v2\/mercantil\/29139","targetHints":{"allow":["GET"]}}],"collection":[{"href":"https:\/\/www.registrocentral.es\/fr\/wp-json\/wp\/v2\/mercantil"}],"about":[{"href":"https:\/\/www.registrocentral.es\/fr\/wp-json\/wp\/v2\/types\/mercantil"}],"wp:attachment":[{"href":"https:\/\/www.registrocentral.es\/fr\/wp-json\/wp\/v2\/media?parent=29139"}],"curies":[{"name":"wp","href":"https:\/\/api.w.org\/{rel}","templated":true}]}}