{"id":25737,"date":"2024-09-16T23:52:02","date_gmt":"2024-09-16T21:52:02","guid":{"rendered":"https:\/\/www.registrocentral.es\/sepe\/?post_type=sepe&#038;p=25737"},"modified":"2024-09-16T23:52:02","modified_gmt":"2024-09-16T21:52:02","slug":"elche-elx-centro","status":"publish","type":"sepe","link":"https:\/\/www.registrocentral.es\/fr\/sepe\/elche-elx-centro\/","title":{"rendered":"Elche\/Elx Centre"},"content":{"rendered":"<p>En Elche\/Elx Centro, como en el resto de Espa\u00f1a, el catastro es fundamental para la correcta identificaci\u00f3n de las propiedades y para garantizar la transparencia en temas relacionados con la propiedad inmobiliaria.<\/p>","protected":false},"template":"","meta":{"_uag_custom_page_level_css":"","site-sidebar-layout":"default","site-content-layout":"","ast-site-content-layout":"full-width-container","site-content-style":"default","site-sidebar-style":"default","ast-global-header-display":"","ast-banner-title-visibility":"","ast-main-header-display":"","ast-hfb-above-header-display":"","ast-hfb-below-header-display":"","ast-hfb-mobile-header-display":"","site-post-title":"","ast-breadcrumbs-content":"","ast-featured-img":"","footer-sml-layout":"","ast-disable-related-posts":"","theme-transparent-header-meta":"","adv-header-id-meta":"","stick-header-meta":"","header-above-stick-meta":"","header-main-stick-meta":"","header-below-stick-meta":"","astra-migrate-meta-layouts":"default","ast-page-background-enabled":"default","ast-page-background-meta":{"desktop":{"background-color":"var(--ast-global-color-4)","background-image":"","background-repeat":"repeat","background-position":"center center","background-size":"auto","background-attachment":"scroll","background-type":"","background-media":"","overlay-type":"","overlay-color":"","overlay-opacity":"","overlay-gradient":""},"tablet":{"background-color":"","background-image":"","background-repeat":"repeat","background-position":"center center","background-size":"auto","background-attachment":"scroll","background-type":"","background-media":"","overlay-type":"","overlay-color":"","overlay-opacity":"","overlay-gradient":""},"mobile":{"background-color":"","background-image":"","background-repeat":"repeat","background-position":"center center","background-size":"auto","background-attachment":"scroll","background-type":"","background-media":"","overlay-type":"","overlay-color":"","overlay-opacity":"","overlay-gradient":""}},"ast-content-background-meta":{"desktop":{"background-color":"var(--ast-global-color-5)","background-image":"","background-repeat":"repeat","background-position":"center center","background-size":"auto","background-attachment":"scroll","background-type":"","background-media":"","overlay-type":"","overlay-color":"","overlay-opacity":"","overlay-gradient":""},"tablet":{"background-color":"var(--ast-global-color-5)","background-image":"","background-repeat":"repeat","background-position":"center center","background-size":"auto","background-attachment":"scroll","background-type":"","background-media":"","overlay-type":"","overlay-color":"","overlay-opacity":"","overlay-gradient":""},"mobile":{"background-color":"var(--ast-global-color-5)","background-image":"","background-repeat":"repeat","background-position":"center center","background-size":"auto","background-attachment":"scroll","background-type":"","background-media":"","overlay-type":"","overlay-color":"","overlay-opacity":"","overlay-gradient":""}}},"class_list":["post-25737","sepe","type-sepe","status-publish","hentry"],"yoast_head":"<!-- This site is optimized with the Yoast SEO plugin v26.7 - https:\/\/yoast.com\/wordpress\/plugins\/seo\/ -->\n<title>SEPE en Elche\/Elx Centro - Registro Central de Espa\u00f1a<\/title>\n<meta name=\"description\" content=\"El Servicio P\u00fablico de Empleo Estatal (SEPE) de Elche\/Elx Centro es un organismo cuya misi\u00f3n es la gesti\u00f3n y control de las prestaciones por desempleo, as\u00ed como la promoci\u00f3n y desarrollo de pol\u00edticas de empleo en colaboraci\u00f3n con las Comunidades Aut\u00f3nomas.\" \/>\n<meta name=\"robots\" content=\"index, follow, max-snippet:-1, max-image-preview:large, max-video-preview:-1\" \/>\n<link rel=\"canonical\" href=\"https:\/\/www.registrocentral.es\/fr\/sepe\/elche-elx-centro\/\" \/>\n<meta property=\"og:locale\" content=\"fr_FR\" \/>\n<meta property=\"og:type\" content=\"article\" \/>\n<meta property=\"og:title\" content=\"SEPE en Elche\/Elx Centro - Registro Central de Espa\u00f1a\" \/>\n<meta property=\"og:description\" content=\"El Servicio P\u00fablico de Empleo Estatal (SEPE) de Elche\/Elx Centro es un organismo cuya misi\u00f3n es la gesti\u00f3n y control de las prestaciones por desempleo, as\u00ed como la promoci\u00f3n y desarrollo de pol\u00edticas de empleo en colaboraci\u00f3n con las Comunidades Aut\u00f3nomas.\" \/>\n<meta property=\"og:url\" content=\"https:\/\/www.registrocentral.es\/fr\/sepe\/elche-elx-centro\/\" \/>\n<meta property=\"og:site_name\" content=\"Registro Central de Espa\u00f1a\" \/>\n<meta name=\"twitter:card\" content=\"summary_large_image\" \/>\n<script type=\"application\/ld+json\" class=\"yoast-schema-graph\">{\"@context\":\"https:\/\/schema.org\",\"@graph\":[{\"@type\":\"WebPage\",\"@id\":\"https:\/\/www.registrocentral.es\/sepe\/elche-elx-centro\/\",\"url\":\"https:\/\/www.registrocentral.es\/sepe\/elche-elx-centro\/\",\"name\":\"SEPE en Elche\/Elx Centro - Registro Central de Espa\u00f1a\",\"isPartOf\":{\"@id\":\"https:\/\/registrocentral.es\/#website\"},\"datePublished\":\"2024-09-16T21:52:02+00:00\",\"description\":\"El Servicio P\u00fablico de Empleo Estatal (SEPE) de Elche\/Elx Centro es un organismo cuya misi\u00f3n es la gesti\u00f3n y control de las prestaciones por desempleo, as\u00ed como la promoci\u00f3n y desarrollo de pol\u00edticas de empleo en colaboraci\u00f3n con las Comunidades Aut\u00f3nomas.\",\"breadcrumb\":{\"@id\":\"https:\/\/www.registrocentral.es\/sepe\/elche-elx-centro\/#breadcrumb\"},\"inLanguage\":\"fr-FR\",\"potentialAction\":[{\"@type\":\"ReadAction\",\"target\":[\"https:\/\/www.registrocentral.es\/sepe\/elche-elx-centro\/\"]}]},{\"@type\":\"BreadcrumbList\",\"@id\":\"https:\/\/www.registrocentral.es\/sepe\/elche-elx-centro\/#breadcrumb\",\"itemListElement\":[{\"@type\":\"ListItem\",\"position\":1,\"name\":\"Portada\",\"item\":\"https:\/\/www.registrocentral.es\/\"},{\"@type\":\"ListItem\",\"position\":2,\"name\":\"sepe\",\"item\":\"https:\/\/www.registrocentral.es\/sepe\/\"},{\"@type\":\"ListItem\",\"position\":3,\"name\":\"Elche\/Elx Centro\"}]},{\"@type\":\"WebSite\",\"@id\":\"https:\/\/registrocentral.es\/#website\",\"url\":\"https:\/\/registrocentral.es\/\",\"name\":\"Registro Central de Espa\u00f1a\",\"description\":\"\",\"publisher\":{\"@id\":\"https:\/\/registrocentral.es\/#organization\"},\"alternateName\":\"Registro Central de Espa\u00f1a\",\"potentialAction\":[{\"@type\":\"SearchAction\",\"target\":{\"@type\":\"EntryPoint\",\"urlTemplate\":\"https:\/\/registrocentral.es\/?s={search_term_string}\"},\"query-input\":{\"@type\":\"PropertyValueSpecification\",\"valueRequired\":true,\"valueName\":\"search_term_string\"}}],\"inLanguage\":\"fr-FR\"},{\"@type\":\"Organization\",\"@id\":\"https:\/\/registrocentral.es\/#organization\",\"name\":\"Registro Central de Espa\u00f1a\",\"alternateName\":\"Registro Central\",\"url\":\"https:\/\/registrocentral.es\/\",\"logo\":{\"@type\":\"ImageObject\",\"inLanguage\":\"fr-FR\",\"@id\":\"https:\/\/registrocentral.es\/#\/schema\/logo\/image\/\",\"url\":\"https:\/\/www.registrocentral.es\/wp-content\/uploads\/2026\/03\/registrocentral.webp\",\"contentUrl\":\"https:\/\/www.registrocentral.es\/wp-content\/uploads\/2026\/03\/registrocentral.webp\",\"width\":320,\"height\":431,\"caption\":\"Registro Central de Espa\u00f1a\"},\"image\":{\"@id\":\"https:\/\/registrocentral.es\/#\/schema\/logo\/image\/\"}}]}<\/script>\n<!-- \/ Yoast SEO plugin. -->","yoast_head_json":{"title":"SEPE en Elche\/Elx Centro - Registro Central de Espa\u00f1a","description":"Le Service Public d\u2019Emploi \u00c9tatique (SEPE) de Elche\/Elx Centro est un organisme dont la mission est la gestion et le contr\u00f4le des allocations de ch\u00f4mage, ainsi que la promotion et le d\u00e9veloppement de politiques d\u2019emploi en collaboration avec les Communaut\u00e9s Autonomes.","robots":{"index":"index","follow":"follow","max-snippet":"max-snippet:-1","max-image-preview":"max-image-preview:large","max-video-preview":"max-video-preview:-1"},"canonical":"https:\/\/www.registrocentral.es\/fr\/sepe\/elche-elx-centro\/","og_locale":"fr_FR","og_type":"article","og_title":"SEPE en Elche\/Elx Centro - Registro Central de Espa\u00f1a","og_description":"El Servicio P\u00fablico de Empleo Estatal (SEPE) de Elche\/Elx Centro es un organismo cuya misi\u00f3n es la gesti\u00f3n y control de las prestaciones por desempleo, as\u00ed como la promoci\u00f3n y desarrollo de pol\u00edticas de empleo en colaboraci\u00f3n con las Comunidades Aut\u00f3nomas.","og_url":"https:\/\/www.registrocentral.es\/fr\/sepe\/elche-elx-centro\/","og_site_name":"Registro Central de Espa\u00f1a","twitter_card":"summary_large_image","schema":{"@context":"https:\/\/schema.org","@graph":[{"@type":"WebPage","@id":"https:\/\/www.registrocentral.es\/sepe\/elche-elx-centro\/","url":"https:\/\/www.registrocentral.es\/sepe\/elche-elx-centro\/","name":"SEPE en Elche\/Elx Centro - Registro Central de Espa\u00f1a","isPartOf":{"@id":"https:\/\/registrocentral.es\/#website"},"datePublished":"2024-09-16T21:52:02+00:00","description":"Le Service Public d\u2019Emploi \u00c9tatique (SEPE) de Elche\/Elx Centro est un organisme dont la mission est la gestion et le contr\u00f4le des allocations de ch\u00f4mage, ainsi que la promotion et le d\u00e9veloppement de politiques d\u2019emploi en collaboration avec les Communaut\u00e9s Autonomes.","breadcrumb":{"@id":"https:\/\/www.registrocentral.es\/sepe\/elche-elx-centro\/#breadcrumb"},"inLanguage":"fr-FR","potentialAction":[{"@type":"ReadAction","target":["https:\/\/www.registrocentral.es\/sepe\/elche-elx-centro\/"]}]},{"@type":"BreadcrumbList","@id":"https:\/\/www.registrocentral.es\/sepe\/elche-elx-centro\/#breadcrumb","itemListElement":[{"@type":"ListItem","position":1,"name":"Portada","item":"https:\/\/www.registrocentral.es\/"},{"@type":"ListItem","position":2,"name":"sepe","item":"https:\/\/www.registrocentral.es\/sepe\/"},{"@type":"ListItem","position":3,"name":"Elche\/Elx Centro"}]},{"@type":"WebSite","@id":"https:\/\/registrocentral.es\/#website","url":"https:\/\/registrocentral.es\/","name":"Registre Central d'Espagne","description":"","publisher":{"@id":"https:\/\/registrocentral.es\/#organization"},"alternateName":"Registro Central de Espa\u00f1a","potentialAction":[{"@type":"SearchAction","target":{"@type":"EntryPoint","urlTemplate":"https:\/\/registrocentral.es\/?s={search_term_string}"},"query-input":{"@type":"PropertyValueSpecification","valueRequired":true,"valueName":"search_term_string"}}],"inLanguage":"fr-FR"},{"@type":"Organization","@id":"https:\/\/registrocentral.es\/#organization","name":"Registre Central d'Espagne","alternateName":"Registro Central","url":"https:\/\/registrocentral.es\/","logo":{"@type":"ImageObject","inLanguage":"fr-FR","@id":"https:\/\/registrocentral.es\/#\/schema\/logo\/image\/","url":"https:\/\/www.registrocentral.es\/wp-content\/uploads\/2026\/03\/registrocentral.webp","contentUrl":"https:\/\/www.registrocentral.es\/wp-content\/uploads\/2026\/03\/registrocentral.webp","width":320,"height":431,"caption":"Registro Central de Espa\u00f1a"},"image":{"@id":"https:\/\/registrocentral.es\/#\/schema\/logo\/image\/"}}]}},"spectra_custom_meta":{"stick-header-meta":[""],"adv-header-id-meta":[""],"theme-transparent-header-meta":[""],"footer-sml-layout":[""],"ast-site-content-layout":["full-width-container"],"_uag_custom_page_level_css":[""],"_edit_last":["2"],"_edit_lock":["1724711907:2"],"_uag_css_file_name":["uag-css-25737.css"],"_uag_page_assets":["a:9:{s:3:\"css\";s:0:\"\";s:2:\"js\";s:0:\"\";s:18:\"current_block_list\";a:7:{i:0;s:11:\"core\/search\";i:1;s:10:\"core\/group\";i:2;s:12:\"core\/heading\";i:3;s:17:\"core\/latest-posts\";i:4;s:20:\"core\/latest-comments\";i:5;s:13:\"core\/archives\";i:6;s:15:\"core\/categories\";}s:8:\"uag_flag\";b:0;s:11:\"uag_version\";s:10:\"1774993329\";s:6:\"gfonts\";a:0:{}s:10:\"gfonts_url\";s:0:\"\";s:12:\"gfonts_files\";a:0:{}s:14:\"uag_faq_layout\";b:0;}"],"nombre":["Elche\/Elx Centro"],"oficina":["Oficina de empleo SEPE o Agencia Espa\u00f1ola para el Empleo (AEE) en Elche\/Elx Centro (Alacant\/Alicante)"],"direccion":["C\/ PEDRO MORENO SASTRE, 20 "],"telefono":["912738383 | 965000498"],"provincia":["Alacant o Alicante"]},"uagb_featured_image_src":[],"uagb_author_info":{"display_name":"Osorio","author_link":"https:\/\/www.registrocentral.es\/fr\/author\/"},"uagb_comment_info":0,"uagb_excerpt":"En Elche\/Elx Centro, como en el resto de Espa\u00f1a, el catastro es fundamental para la correcta identificaci\u00f3n de las propiedades y para garantizar la transparencia en temas relacionados con la propiedad inmobiliaria.","_links":{"self":[{"href":"https:\/\/www.registrocentral.es\/fr\/wp-json\/wp\/v2\/sepe\/25737","targetHints":{"allow":["GET"]}}],"collection":[{"href":"https:\/\/www.registrocentral.es\/fr\/wp-json\/wp\/v2\/sepe"}],"about":[{"href":"https:\/\/www.registrocentral.es\/fr\/wp-json\/wp\/v2\/types\/sepe"}],"wp:attachment":[{"href":"https:\/\/www.registrocentral.es\/fr\/wp-json\/wp\/v2\/media?parent=25737"}],"curies":[{"name":"wp","href":"https:\/\/api.w.org\/{rel}","templated":true}]}}